{"id":913,"date":"2022-03-08T19:06:23","date_gmt":"2022-03-08T17:06:23","guid":{"rendered":"https:\/\/legal-compliance.cat\/?page_id=913"},"modified":"2022-03-10T17:45:53","modified_gmt":"2022-03-10T15:45:53","slug":"responsabilidad-social-corporativa-2","status":"publish","type":"page","link":"https:\/\/legal-compliance.cat\/es\/responsabilidad-social-corporativa-2\/","title":{"rendered":"RESPONSABILIDAD SOCIAL CORPORATIVA (RSC)"},"content":{"rendered":"<p><div class=\"fusion-fullwidth fullwidth-box fusion-builder-row-1 fusion-flex-container nonhundred-percent-fullwidth non-hundred-percent-height-scrolling\" style=\"background-color: rgba(255,255,255,0);background-position: center center;background-repeat: no-repeat;border-width: 0px 0px 0px 0px;border-color:#e2e2e2;border-style:solid;\" ><div class=\"fusion-builder-row fusion-row fusion-flex-align-items-flex-start\" style=\"max-width:1248px;margin-left: calc(-4% \/ 2 );margin-right: calc(-4% \/ 2 );\"><div class=\"fusion-layout-column fusion_builder_column fusion-builder-column-0 fusion_builder_column_1_1 1_1 fusion-flex-column\"><div class=\"fusion-column-wrapper fusion-flex-justify-content-flex-start fusion-content-layout-column\" style=\"background-position:left top;background-repeat:no-repeat;-webkit-background-size:cover;-moz-background-size:cover;-o-background-size:cover;background-size:cover;padding: 0px 0px 0px 0px;\"><div class=\"fusion-text fusion-text-1\" style=\"text-transform:none;\"><p>Nuestro Grupo empresarial est\u00e1 compuesto por cinco empresas, <span style=\"color: #6c1136;\"><b>Mallafr\u00e8 Consultors, Tecnodret, Legal&amp;Compliance, Canal Comunicaci\u00f3 e Identificat.<\/b> <\/span>Nuestra filosof\u00eda de modelo de negocio garantiza la trazabilidad y la transparencia de la gesti\u00f3n empresarial y la protecci\u00f3n de los Derechos Humanos y el entorno.<\/p>\n<p>De forma consciente, nuestro Grupo empresarial ha implantado dentro de su estructura un programa de cumplimiento normativo, con un firme compromiso, ante todas las obligaciones legales y voluntarias que se asumen adicionalmente, para contribuir al crecimiento sostenible, la protecci\u00f3n de los derechos humanos y la transici\u00f3n hacia una econom\u00eda circular.<\/p>\n<p>Es imprescindible para el crecimiento de la Responsabilidad Social Corporativa \u00e9tica y sostenible mantener de forma constante una indestructible voluntad de cumplimiento. Por lo tanto, ser socialmente responsable no significa \u00fanicamente cumplir plenamente las obligaciones jur\u00eddicas, sino tambi\u00e9n ir m\u00e1s all\u00e1 de su cumplimiento invirtiendo, &lt;&lt;m\u00e1s&gt;&gt; en el capital humano, el entorno y las relaciones de colaboradores, personas trabajadoras, proveedores y otras entidades.<\/p>\n<p>Desde el a\u00f1o 2015 colaboramos de forma desinteresada con las siguientes asociaciones:<\/p>\n<ul>\n<li>AFANOC, Associaci\u00f3 de Familiars i Amics de Nens Oncol\u00f2gics de Catalunya<\/li>\n<li>C\u00e0ritas Diocesana de Menorca<\/li>\n<li>Fundaci\u00f3n Make-A-Wish Spain Ilusiones<\/li>\n<li>Federaci\u00f3 Catalana d\u2019Entitats Contra el C\u00e0ncer (FECEC)<\/li>\n<li>Rotary Club Andorra<\/li>\n<li>Fundaci\u00f3 Rosa Maria Vivar<\/li>\n<li>Associaci\u00f3 d&#8217;Alzheimer i Altres Trastorns Neurocognitius de Reus i Baix Camp<\/li>\n<li>Em dones for\u00e7a<\/li>\n<\/ul>\n<\/div><\/div><style type=\"text\/css\">.fusion-body .fusion-builder-column-0{width:100% !important;margin-top : 0px;margin-bottom : 20px;}.fusion-builder-column-0 > .fusion-column-wrapper {padding-top : 0px !important;padding-right : 0px !important;margin-right : 1.92%;padding-bottom : 0px !important;padding-left : 0px !important;margin-left : 1.92%;}@media only screen and (max-width:1024px) {.fusion-body .fusion-builder-column-0{width:100% !important;order : 0;}.fusion-builder-column-0 > .fusion-column-wrapper {margin-right : 1.92%;margin-left : 1.92%;}}@media only screen and (max-width:640px) {.fusion-body .fusion-builder-column-0{width:100% !important;order : 0;}.fusion-builder-column-0 > .fusion-column-wrapper {margin-right : 1.92%;margin-left : 1.92%;}}<\/style><\/div><\/div><style type=\"text\/css\">.fusion-body .fusion-flex-container.fusion-builder-row-1{ padding-top : 0px;margin-top : 0px;padding-right : 0px;padding-bottom : 0px;margin-bottom : 0px;padding-left : 0px;}<\/style><\/div><div class=\"fusion-fullwidth fullwidth-box fusion-builder-row-2 fusion-flex-container nonhundred-percent-fullwidth non-hundred-percent-height-scrolling\" style=\"background-color: rgba(255,255,255,0);background-position: center center;background-repeat: no-repeat;border-width: 0px 0px 0px 0px;border-color:#e2e2e2;border-style:solid;\" ><div class=\"fusion-builder-row fusion-row fusion-flex-align-items-flex-start\" style=\"max-width:1248px;margin-left: calc(-4% \/ 2 );margin-right: calc(-4% \/ 2 );\"><div class=\"fusion-layout-column fusion_builder_column fusion-builder-column-1 fusion_builder_column_1_1 1_1 fusion-flex-column\"><div class=\"fusion-column-wrapper fusion-flex-justify-content-flex-start fusion-content-layout-column\" style=\"background-position:left top;background-repeat:no-repeat;-webkit-background-size:cover;-moz-background-size:cover;-o-background-size:cover;background-size:cover;padding: 0px 0px 0px 0px;\"><style type=\"text\/css\">.fusion-gallery-1 .fusion-gallery-image {border:0px solid #e2e2e2;}<\/style><div class=\"fusion-gallery fusion-gallery-container fusion-grid-4 fusion-columns-total-8 fusion-gallery-layout-grid fusion-gallery-1\" style=\"margin:0px;\"><div style=\"padding:0px;\" class=\"fusion-grid-column fusion-gallery-column fusion-gallery-column-4 hover-type-none\"><div class=\"fusion-gallery-image\"><a href=\"https:\/\/legal-compliance.cat\/wp-content\/uploads\/2022\/03\/1-Afanoc-1.jpg\" rel=\"noreferrer\" data-rel=\"iLightbox[gallery_image_1]\" class=\"fusion-lightbox\" target=\"_self\"><img decoding=\"async\" src=\"https:\/\/legal-compliance.cat\/wp-content\/uploads\/2022\/03\/1-Afanoc-1.jpg\" width=\"500\" height=\"300\" alt=\"\" title=\"1 Afanoc\" aria-label=\"1 Afanoc\" class=\"img-responsive wp-image-948\" srcset=\"https:\/\/legal-compliance.cat\/wp-content\/uploads\/2022\/03\/1-Afanoc-1-200x120.jpg 200w, https:\/\/legal-compliance.cat\/wp-content\/uploads\/2022\/03\/1-Afanoc-1-400x240.jpg 400w, https:\/\/legal-compliance.cat\/wp-content\/uploads\/2022\/03\/1-Afanoc-1.jpg 500w\" sizes=\"(min-width: 2200px) 100vw, (min-width: 856px) 300px, (min-width: 784px) 400px, (min-width: 712px) 600px, (min-width: 640px) 712px, \" \/><\/a><\/div><\/div><div style=\"padding:0px;\" class=\"fusion-grid-column fusion-gallery-column fusion-gallery-column-4 hover-type-none\"><div class=\"fusion-gallery-image\"><a href=\"https:\/\/legal-compliance.cat\/wp-content\/uploads\/2022\/03\/2-Caritas-Diocesana-de-Menorca-1.jpg\" rel=\"noreferrer\" data-rel=\"iLightbox[gallery_image_1]\" class=\"fusion-lightbox\" target=\"_self\"><img decoding=\"async\" src=\"https:\/\/legal-compliance.cat\/wp-content\/uploads\/2022\/03\/2-Caritas-Diocesana-de-Menorca-1.jpg\" width=\"500\" height=\"300\" alt=\"\" title=\"2 C\u00e0ritas Diocesana de Menorca\" aria-label=\"2 C\u00e0ritas Diocesana de Menorca\" class=\"img-responsive wp-image-950\" srcset=\"https:\/\/legal-compliance.cat\/wp-content\/uploads\/2022\/03\/2-Caritas-Diocesana-de-Menorca-1-200x120.jpg 200w, https:\/\/legal-compliance.cat\/wp-content\/uploads\/2022\/03\/2-Caritas-Diocesana-de-Menorca-1-400x240.jpg 400w, https:\/\/legal-compliance.cat\/wp-content\/uploads\/2022\/03\/2-Caritas-Diocesana-de-Menorca-1.jpg 500w\" sizes=\"(min-width: 2200px) 100vw, (min-width: 856px) 300px, (min-width: 784px) 400px, (min-width: 712px) 600px, (min-width: 640px) 712px, \" \/><\/a><\/div><\/div><div style=\"padding:0px;\" class=\"fusion-grid-column fusion-gallery-column fusion-gallery-column-4 hover-type-none\"><div class=\"fusion-gallery-image\"><a href=\"https:\/\/legal-compliance.cat\/wp-content\/uploads\/2022\/03\/3-Fundacion-Make-A-Wish-.jpg\" rel=\"noreferrer\" data-rel=\"iLightbox[gallery_image_1]\" class=\"fusion-lightbox\" target=\"_self\"><img decoding=\"async\" src=\"https:\/\/legal-compliance.cat\/wp-content\/uploads\/2022\/03\/3-Fundacion-Make-A-Wish-.jpg\" width=\"500\" height=\"300\" alt=\"\" title=\"3 Fundaci\u00f3n Make-A-Wish\" aria-label=\"3 Fundaci\u00f3n Make-A-Wish\" class=\"img-responsive wp-image-952\" srcset=\"https:\/\/legal-compliance.cat\/wp-content\/uploads\/2022\/03\/3-Fundacion-Make-A-Wish--200x120.jpg 200w, https:\/\/legal-compliance.cat\/wp-content\/uploads\/2022\/03\/3-Fundacion-Make-A-Wish--400x240.jpg 400w, https:\/\/legal-compliance.cat\/wp-content\/uploads\/2022\/03\/3-Fundacion-Make-A-Wish-.jpg 500w\" sizes=\"(min-width: 2200px) 100vw, (min-width: 856px) 300px, (min-width: 784px) 400px, (min-width: 712px) 600px, (min-width: 640px) 712px, \" \/><\/a><\/div><\/div><div style=\"padding:0px;\" class=\"fusion-grid-column fusion-gallery-column fusion-gallery-column-4 hover-type-none\"><div class=\"fusion-gallery-image\"><a href=\"https:\/\/legal-compliance.cat\/wp-content\/uploads\/2022\/03\/4-Fecec-1.jpg\" rel=\"noreferrer\" data-rel=\"iLightbox[gallery_image_1]\" class=\"fusion-lightbox\" target=\"_self\"><img decoding=\"async\" src=\"https:\/\/legal-compliance.cat\/wp-content\/uploads\/2022\/03\/4-Fecec-1.jpg\" width=\"500\" height=\"300\" alt=\"\" title=\"4 Fecec\" aria-label=\"4 Fecec\" class=\"img-responsive wp-image-954\" srcset=\"https:\/\/legal-compliance.cat\/wp-content\/uploads\/2022\/03\/4-Fecec-1-200x120.jpg 200w, https:\/\/legal-compliance.cat\/wp-content\/uploads\/2022\/03\/4-Fecec-1-400x240.jpg 400w, https:\/\/legal-compliance.cat\/wp-content\/uploads\/2022\/03\/4-Fecec-1.jpg 500w\" sizes=\"(min-width: 2200px) 100vw, (min-width: 856px) 300px, (min-width: 784px) 400px, (min-width: 712px) 600px, (min-width: 640px) 712px, \" \/><\/a><\/div><\/div><div class=\"clearfix\"><\/div><div style=\"padding:0px;\" class=\"fusion-grid-column fusion-gallery-column fusion-gallery-column-4 hover-type-none\"><div class=\"fusion-gallery-image\"><a href=\"https:\/\/legal-compliance.cat\/wp-content\/uploads\/2022\/03\/5-Rotary_Club_Andorra_2800x1000-1024x366-2.jpg\" rel=\"noreferrer\" data-rel=\"iLightbox[gallery_image_1]\" class=\"fusion-lightbox\" target=\"_self\"><img decoding=\"async\" src=\"https:\/\/legal-compliance.cat\/wp-content\/uploads\/2022\/03\/5-Rotary_Club_Andorra_2800x1000-1024x366-2.jpg\" width=\"500\" height=\"300\" alt=\"\" title=\"5 Rotary_Club_Andorra_2800x1000-1024&#215;366\" aria-label=\"5 Rotary_Club_Andorra_2800x1000-1024&#215;366\" class=\"img-responsive wp-image-956\" srcset=\"https:\/\/legal-compliance.cat\/wp-content\/uploads\/2022\/03\/5-Rotary_Club_Andorra_2800x1000-1024x366-2-200x120.jpg 200w, https:\/\/legal-compliance.cat\/wp-content\/uploads\/2022\/03\/5-Rotary_Club_Andorra_2800x1000-1024x366-2-400x240.jpg 400w, https:\/\/legal-compliance.cat\/wp-content\/uploads\/2022\/03\/5-Rotary_Club_Andorra_2800x1000-1024x366-2.jpg 500w\" sizes=\"(min-width: 2200px) 100vw, (min-width: 856px) 300px, (min-width: 784px) 400px, (min-width: 712px) 600px, (min-width: 640px) 712px, \" \/><\/a><\/div><\/div><div style=\"padding:0px;\" class=\"fusion-grid-column fusion-gallery-column fusion-gallery-column-4 hover-type-none\"><div class=\"fusion-gallery-image\"><a href=\"https:\/\/legal-compliance.cat\/wp-content\/uploads\/2022\/03\/6-fundacion-rosa-maria-vivar-footer.jpg\" rel=\"noreferrer\" data-rel=\"iLightbox[gallery_image_1]\" class=\"fusion-lightbox\" target=\"_self\"><img decoding=\"async\" src=\"https:\/\/legal-compliance.cat\/wp-content\/uploads\/2022\/03\/6-fundacion-rosa-maria-vivar-footer.jpg\" width=\"500\" height=\"300\" alt=\"\" title=\"6 fundacion-rosa-maria-vivar-footer\" aria-label=\"6 fundacion-rosa-maria-vivar-footer\" class=\"img-responsive wp-image-958\" srcset=\"https:\/\/legal-compliance.cat\/wp-content\/uploads\/2022\/03\/6-fundacion-rosa-maria-vivar-footer-200x120.jpg 200w, https:\/\/legal-compliance.cat\/wp-content\/uploads\/2022\/03\/6-fundacion-rosa-maria-vivar-footer-400x240.jpg 400w, https:\/\/legal-compliance.cat\/wp-content\/uploads\/2022\/03\/6-fundacion-rosa-maria-vivar-footer.jpg 500w\" sizes=\"(min-width: 2200px) 100vw, (min-width: 856px) 300px, (min-width: 784px) 400px, (min-width: 712px) 600px, (min-width: 640px) 712px, \" \/><\/a><\/div><\/div><div style=\"padding:0px;\" class=\"fusion-grid-column fusion-gallery-column fusion-gallery-column-4 hover-type-none\"><div class=\"fusion-gallery-image\"><a href=\"https:\/\/legal-compliance.cat\/wp-content\/uploads\/2022\/03\/7-Associacio-dalzheimer.jpg\" rel=\"noreferrer\" data-rel=\"iLightbox[gallery_image_1]\" class=\"fusion-lightbox\" target=\"_self\"><img decoding=\"async\" src=\"https:\/\/legal-compliance.cat\/wp-content\/uploads\/2022\/03\/7-Associacio-dalzheimer.jpg\" width=\"500\" height=\"300\" alt=\"\" title=\"7 Associaci\u00f3 dalzheimer\" aria-label=\"7 Associaci\u00f3 dalzheimer\" class=\"img-responsive wp-image-962\" srcset=\"https:\/\/legal-compliance.cat\/wp-content\/uploads\/2022\/03\/7-Associacio-dalzheimer-200x120.jpg 200w, https:\/\/legal-compliance.cat\/wp-content\/uploads\/2022\/03\/7-Associacio-dalzheimer-400x240.jpg 400w, https:\/\/legal-compliance.cat\/wp-content\/uploads\/2022\/03\/7-Associacio-dalzheimer.jpg 500w\" sizes=\"(min-width: 2200px) 100vw, (min-width: 856px) 300px, (min-width: 784px) 400px, (min-width: 712px) 600px, (min-width: 640px) 712px, \" \/><\/a><\/div><\/div><div style=\"padding:0px;\" class=\"fusion-grid-column fusion-gallery-column fusion-gallery-column-4 hover-type-none\"><div class=\"fusion-gallery-image\"><a href=\"https:\/\/legal-compliance.cat\/wp-content\/uploads\/2022\/03\/8-Em-dones-Forca.jpg\" rel=\"noreferrer\" data-rel=\"iLightbox[gallery_image_1]\" class=\"fusion-lightbox\" target=\"_self\"><img decoding=\"async\" src=\"https:\/\/legal-compliance.cat\/wp-content\/uploads\/2022\/03\/8-Em-dones-Forca.jpg\" width=\"500\" height=\"300\" alt=\"\" title=\"8 Em dones For\u00e7a\" aria-label=\"8 Em dones For\u00e7a\" class=\"img-responsive wp-image-960\" srcset=\"https:\/\/legal-compliance.cat\/wp-content\/uploads\/2022\/03\/8-Em-dones-Forca-200x120.jpg 200w, https:\/\/legal-compliance.cat\/wp-content\/uploads\/2022\/03\/8-Em-dones-Forca-400x240.jpg 400w, https:\/\/legal-compliance.cat\/wp-content\/uploads\/2022\/03\/8-Em-dones-Forca.jpg 500w\" sizes=\"(min-width: 2200px) 100vw, (min-width: 856px) 300px, (min-width: 784px) 400px, (min-width: 712px) 600px, (min-width: 640px) 712px, \" \/><\/a><\/div><\/div><div class=\"clearfix\"><\/div><\/div><\/div><style type=\"text\/css\">.fusion-body .fusion-builder-column-1{width:100% !important;margin-top : 0px;margin-bottom : 20px;}.fusion-builder-column-1 > .fusion-column-wrapper {padding-top : 0px !important;padding-right : 0px !important;margin-right : 1.92%;padding-bottom : 0px !important;padding-left : 0px !important;margin-left : 1.92%;}@media only screen and (max-width:1024px) {.fusion-body .fusion-builder-column-1{width:100% !important;order : 0;}.fusion-builder-column-1 > .fusion-column-wrapper {margin-right : 1.92%;margin-left : 1.92%;}}@media only screen and (max-width:640px) {.fusion-body .fusion-builder-column-1{width:100% !important;order : 0;}.fusion-builder-column-1 > .fusion-column-wrapper {margin-right : 1.92%;margin-left : 1.92%;}}<\/style><\/div><\/div><style type=\"text\/css\">.fusion-body .fusion-flex-container.fusion-builder-row-2{ padding-top : 0px;margin-top : 0px;padding-right : 0px;padding-bottom : 0px;margin-bottom : 0px;padding-left : 0px;}<\/style><\/div><div class=\"fusion-fullwidth fullwidth-box fusion-builder-row-3 fusion-flex-container nonhundred-percent-fullwidth non-hundred-percent-height-scrolling\" style=\"background-color: rgba(255,255,255,0);background-position: center center;background-repeat: no-repeat;border-width: 0px 0px 0px 0px;border-color:#e2e2e2;border-style:solid;\" ><div class=\"fusion-builder-row fusion-row fusion-flex-align-items-flex-start\" style=\"max-width:1248px;margin-left: calc(-4% \/ 2 );margin-right: calc(-4% \/ 2 );\"><div class=\"fusion-layout-column fusion_builder_column fusion-builder-column-2 fusion_builder_column_1_1 1_1 fusion-flex-column\"><div class=\"fusion-column-wrapper fusion-flex-justify-content-flex-start fusion-content-layout-column\" style=\"background-position:left top;background-repeat:no-repeat;-webkit-background-size:cover;-moz-background-size:cover;-o-background-size:cover;background-size:cover;padding: 0px 0px 0px 0px;\"><div class=\"fusion-text fusion-text-2\" style=\"text-transform:none;\"><p>&nbsp;<\/p>\n<p>Con estas iniciativas voluntarias, adem\u00e1s de una retribuci\u00f3n, queremos mejorar los aspectos sociales, econ\u00f3micos y ambientales, que son un bien com\u00fan y fomentar los valores primordiales de nuestra sociedad. Por lo tanto, nuestro compromiso y nuestros valores, exceden del marco normativo vigente y se traducen en pautas de comportamiento integradas en la actividad de la empresa para generar un impacto positivo en la sociedad y el medio ambiente.<\/p>\n<\/div><\/div><style type=\"text\/css\">.fusion-body .fusion-builder-column-2{width:100% !important;margin-top : 0px;margin-bottom : 20px;}.fusion-builder-column-2 > .fusion-column-wrapper {padding-top : 0px !important;padding-right : 0px !important;margin-right : 1.92%;padding-bottom : 0px !important;padding-left : 0px !important;margin-left : 1.92%;}@media only screen and (max-width:1024px) {.fusion-body .fusion-builder-column-2{width:100% !important;order : 0;}.fusion-builder-column-2 > .fusion-column-wrapper {margin-right : 1.92%;margin-left : 1.92%;}}@media only screen and (max-width:640px) {.fusion-body .fusion-builder-column-2{width:100% !important;order : 0;}.fusion-builder-column-2 > .fusion-column-wrapper {margin-right : 1.92%;margin-left : 1.92%;}}<\/style><\/div><\/div><style type=\"text\/css\">.fusion-body .fusion-flex-container.fusion-builder-row-3{ padding-top : 0px;margin-top : 0px;padding-right : 0px;padding-bottom : 0px;margin-bottom : 0px;padding-left : 0px;}<\/style><\/div><\/p>\n","protected":false},"excerpt":{"rendered":"","protected":false},"author":1,"featured_media":0,"parent":0,"menu_order":0,"comment_status":"closed","ping_status":"closed","template":"","meta":{"footnotes":""},"class_list":["post-913","page","type-page","status-publish","hentry"],"yoast_head":"<!-- This site is optimized with the Yoast SEO plugin v19.9 - https:\/\/yoast.com\/wordpress\/plugins\/seo\/ -->\n<title>RESPONSABILIDAD SOCIAL CORPORATIVA (RSC) - Legal&amp;Compliance<\/title>\n<meta name=\"robots\" content=\"index, follow, max-snippet:-1, max-image-preview:large, max-video-preview:-1\" \/>\n<link rel=\"canonical\" href=\"https:\/\/legal-compliance.cat\/es\/responsabilidad-social-corporativa-2\/\" \/>\n<meta property=\"og:locale\" content=\"es_ES\" \/>\n<meta property=\"og:type\" content=\"article\" \/>\n<meta property=\"og:title\" content=\"RESPONSABILIDAD SOCIAL CORPORATIVA (RSC) - Legal&amp;Compliance\" \/>\n<meta property=\"og:url\" content=\"https:\/\/legal-compliance.cat\/es\/responsabilidad-social-corporativa-2\/\" \/>\n<meta property=\"og:site_name\" content=\"Legal&amp;Compliance\" \/>\n<meta property=\"article:modified_time\" content=\"2022-03-10T15:45:53+00:00\" \/>\n<meta name=\"twitter:card\" content=\"summary_large_image\" \/>\n<meta name=\"twitter:label1\" content=\"Tiempo de lectura\" \/>\n\t<meta name=\"twitter:data1\" content=\"8 minutos\" \/>\n<script type=\"application\/ld+json\" class=\"yoast-schema-graph\">{\"@context\":\"https:\/\/schema.org\",\"@graph\":[{\"@type\":\"WebPage\",\"@id\":\"https:\/\/legal-compliance.cat\/es\/responsabilidad-social-corporativa-2\/\",\"url\":\"https:\/\/legal-compliance.cat\/es\/responsabilidad-social-corporativa-2\/\",\"name\":\"RESPONSABILIDAD SOCIAL CORPORATIVA (RSC) - Legal&amp;Compliance\",\"isPartOf\":{\"@id\":\"https:\/\/legal-compliance.cat\/#website\"},\"datePublished\":\"2022-03-08T17:06:23+00:00\",\"dateModified\":\"2022-03-10T15:45:53+00:00\",\"breadcrumb\":{\"@id\":\"https:\/\/legal-compliance.cat\/es\/responsabilidad-social-corporativa-2\/#breadcrumb\"},\"inLanguage\":\"es\",\"potentialAction\":[{\"@type\":\"ReadAction\",\"target\":[\"https:\/\/legal-compliance.cat\/es\/responsabilidad-social-corporativa-2\/\"]}]},{\"@type\":\"BreadcrumbList\",\"@id\":\"https:\/\/legal-compliance.cat\/es\/responsabilidad-social-corporativa-2\/#breadcrumb\",\"itemListElement\":[{\"@type\":\"ListItem\",\"position\":1,\"name\":\"Inici\",\"item\":\"https:\/\/legal-compliance.cat\/\"},{\"@type\":\"ListItem\",\"position\":2,\"name\":\"RESPONSABILIDAD SOCIAL CORPORATIVA (RSC)\"}]},{\"@type\":\"WebSite\",\"@id\":\"https:\/\/legal-compliance.cat\/#website\",\"url\":\"https:\/\/legal-compliance.cat\/\",\"name\":\"Legal&amp;Compliance\",\"description\":\"Legal&amp;Compliance\",\"potentialAction\":[{\"@type\":\"SearchAction\",\"target\":{\"@type\":\"EntryPoint\",\"urlTemplate\":\"https:\/\/legal-compliance.cat\/?s={search_term_string}\"},\"query-input\":\"required name=search_term_string\"}],\"inLanguage\":\"es\"}]}<\/script>\n<!-- \/ Yoast SEO plugin. -->","yoast_head_json":{"title":"RESPONSABILIDAD SOCIAL CORPORATIVA (RSC) - Legal&amp;Compliance","robots":{"index":"index","follow":"follow","max-snippet":"max-snippet:-1","max-image-preview":"max-image-preview:large","max-video-preview":"max-video-preview:-1"},"canonical":"https:\/\/legal-compliance.cat\/es\/responsabilidad-social-corporativa-2\/","og_locale":"es_ES","og_type":"article","og_title":"RESPONSABILIDAD SOCIAL CORPORATIVA (RSC) - Legal&amp;Compliance","og_url":"https:\/\/legal-compliance.cat\/es\/responsabilidad-social-corporativa-2\/","og_site_name":"Legal&amp;Compliance","article_modified_time":"2022-03-10T15:45:53+00:00","twitter_card":"summary_large_image","twitter_misc":{"Tiempo de lectura":"8 minutos"},"schema":{"@context":"https:\/\/schema.org","@graph":[{"@type":"WebPage","@id":"https:\/\/legal-compliance.cat\/es\/responsabilidad-social-corporativa-2\/","url":"https:\/\/legal-compliance.cat\/es\/responsabilidad-social-corporativa-2\/","name":"RESPONSABILIDAD SOCIAL CORPORATIVA (RSC) - Legal&amp;Compliance","isPartOf":{"@id":"https:\/\/legal-compliance.cat\/#website"},"datePublished":"2022-03-08T17:06:23+00:00","dateModified":"2022-03-10T15:45:53+00:00","breadcrumb":{"@id":"https:\/\/legal-compliance.cat\/es\/responsabilidad-social-corporativa-2\/#breadcrumb"},"inLanguage":"es","potentialAction":[{"@type":"ReadAction","target":["https:\/\/legal-compliance.cat\/es\/responsabilidad-social-corporativa-2\/"]}]},{"@type":"BreadcrumbList","@id":"https:\/\/legal-compliance.cat\/es\/responsabilidad-social-corporativa-2\/#breadcrumb","itemListElement":[{"@type":"ListItem","position":1,"name":"Inici","item":"https:\/\/legal-compliance.cat\/"},{"@type":"ListItem","position":2,"name":"RESPONSABILIDAD SOCIAL CORPORATIVA (RSC)"}]},{"@type":"WebSite","@id":"https:\/\/legal-compliance.cat\/#website","url":"https:\/\/legal-compliance.cat\/","name":"Legal&amp;Compliance","description":"Legal&amp;Compliance","potentialAction":[{"@type":"SearchAction","target":{"@type":"EntryPoint","urlTemplate":"https:\/\/legal-compliance.cat\/?s={search_term_string}"},"query-input":"required name=search_term_string"}],"inLanguage":"es"}]}},"_links":{"self":[{"href":"https:\/\/legal-compliance.cat\/es\/wp-json\/wp\/v2\/pages\/913","targetHints":{"allow":["GET"]}}],"collection":[{"href":"https:\/\/legal-compliance.cat\/es\/wp-json\/wp\/v2\/pages"}],"about":[{"href":"https:\/\/legal-compliance.cat\/es\/wp-json\/wp\/v2\/types\/page"}],"author":[{"embeddable":true,"href":"https:\/\/legal-compliance.cat\/es\/wp-json\/wp\/v2\/users\/1"}],"replies":[{"embeddable":true,"href":"https:\/\/legal-compliance.cat\/es\/wp-json\/wp\/v2\/comments?post=913"}],"version-history":[{"count":10,"href":"https:\/\/legal-compliance.cat\/es\/wp-json\/wp\/v2\/pages\/913\/revisions"}],"predecessor-version":[{"id":982,"href":"https:\/\/legal-compliance.cat\/es\/wp-json\/wp\/v2\/pages\/913\/revisions\/982"}],"wp:attachment":[{"href":"https:\/\/legal-compliance.cat\/es\/wp-json\/wp\/v2\/media?parent=913"}],"curies":[{"name":"wp","href":"https:\/\/api.w.org\/{rel}","templated":true}]}}